{"id":1352,"date":"2025-12-01T09:48:58","date_gmt":"2025-12-01T08:48:58","guid":{"rendered":"https:\/\/galerieannaprobst.com\/galerie-anna-probst\/"},"modified":"2026-04-23T16:57:32","modified_gmt":"2026-04-23T14:57:32","slug":"galerie-anna-probst","status":"publish","type":"page","link":"https:\/\/galerieannaprobst.com\/en\/","title":{"rendered":"Galerie Anna Probst"},"content":{"rendered":"<p>[et_pb_section fb_built=&#8221;1&#8243; fullwidth=&#8221;on&#8221; _builder_version=&#8221;4.24.2&#8243; _module_preset=&#8221;default&#8221; global_colors_info=&#8221;{}&#8221;][et_pb_fullwidth_slider show_arrows=&#8221;off&#8221; use_bg_overlay=&#8221;off&#8221; use_text_overlay=&#8221;on&#8221; text_overlay_color=&#8221;#B4B5DF&#8221; text_border_radius=&#8221;0px&#8221; module_class=&#8221;teaser&#8221; _builder_version=&#8221;4.27.5&#8243; _module_preset=&#8221;default&#8221; header_level=&#8221;h1&#8243; header_text_align=&#8221;left&#8221; header_text_color=&#8221;#001489&#8243; body_text_align=&#8221;left&#8221; body_text_color=&#8221;#001489&#8243; background_enable_image=&#8221;off&#8221; button_alignment=&#8221;right&#8221; min_height=&#8221;80vh&#8221; min_height_tablet=&#8221;70vh&#8221; min_height_phone=&#8221;60vh&#8221; min_height_last_edited=&#8221;on|phone&#8221; height=&#8221;70vh&#8221; animation_style=&#8221;fade&#8221; animation_starting_opacity=&#8221;8%&#8221; auto=&#8221;on&#8221; db_run_once=&#8221;on&#8221; global_colors_info=&#8221;{}&#8221;][et_pb_slide button_link=&#8221;@ET-DC@eyJkeW5hbWljIjp0cnVlLCJjb250ZW50IjoicG9zdF9saW5rX3VybF9wb3N0Iiwic2V0dGluZ3MiOnsicG9zdF9pZCI6Ijk4OSJ9fQ==@&#8221; use_text_overlay=&#8221;on&#8221; admin_title=&#8221;After Math&#8221; image_tablet=&#8221;&#8221; image_phone=&#8221;&#8221; image_last_edited=&#8221;on|phone&#8221; _builder_version=&#8221;4.27.5&#8243; _dynamic_attributes=&#8221;button_link&#8221; _module_preset=&#8221;default&#8221; header_level=&#8221;h2&#8243; background_enable_color=&#8221;off&#8221; background_image=&#8221;https:\/\/galerieannaprobst.com\/wp-content\/uploads\/2026\/01\/8N8A7615-2.jpg&#8221; background_enable_image=&#8221;on&#8221; custom_button=&#8221;on&#8221; button_bg_color=&#8221;RGBA(255,255,255,0)&#8221; background_layout=&#8221;light&#8221; global_colors_info=&#8221;{}&#8221; image__hover_enabled=&#8221;off|desktop&#8221; background__hover_enabled=&#8221;off|desktop&#8221; sticky_transition=&#8221;on&#8221;]<\/p>\n<div class=\"dark\">\n<h2>Chromatic Silence<\/h2>\n<p class=\"date\">06\/03 \u2013 24\/04\/26<\/p>\n<p class=\"artist\">May Carro Cabaleiro<\/p>\n<p><a class=\"et_pb_button\" href=\"https:\/\/galerieannaprobst.com\/en\/?p=1049\">Details<\/a><\/p>\n<\/div>\n<p>[\/et_pb_slide][\/et_pb_fullwidth_slider][\/et_pb_section][et_pb_section fb_built=&#8221;1&#8243; _builder_version=&#8221;4.24.2&#8243; _module_preset=&#8221;default&#8221; custom_padding=&#8221;||||false|false&#8221; global_colors_info=&#8221;{}&#8221;][et_pb_row _builder_version=&#8221;4.24.2&#8243; _module_preset=&#8221;default&#8221; global_colors_info=&#8221;{}&#8221;][et_pb_column type=&#8221;4_4&#8243; _builder_version=&#8221;4.24.2&#8243; _module_preset=&#8221;default&#8221; global_colors_info=&#8221;{}&#8221;][dpdfg_filtergrid custom_query=&#8221;archive&#8221; post_number=&#8221;4&#8243; thumbnail_size=&#8221;1080&#215;675&#8243; use_overlay=&#8221;off&#8221; show_author=&#8221;off&#8221; show_date=&#8221;on&#8221; show_terms=&#8221;on&#8221; show_filters=&#8221;off&#8221; hide_all=&#8221;on&#8221; show_pagination=&#8221;off&#8221; column_gutter=&#8221;40px&#8221; items_width_tablet=&#8221;&#8221; items_width_phone=&#8221;&#8221; items_width_last_edited=&#8221;on|tablet&#8221; _builder_version=&#8221;4.27.5&#8243; _module_preset=&#8221;default&#8221; animation_style=&#8221;slide&#8221; animation_direction=&#8221;bottom&#8221; animation_intensity_slide=&#8221;2%&#8221; global_colors_info=&#8221;{}&#8221;][\/dpdfg_filtergrid][\/et_pb_column][\/et_pb_row][\/et_pb_section][et_pb_section fb_built=&#8221;1&#8243; _builder_version=&#8221;4.24.2&#8243; _module_preset=&#8221;default&#8221; global_colors_info=&#8221;{}&#8221;][et_pb_row _builder_version=&#8221;4.24.2&#8243; _module_preset=&#8221;default&#8221; global_colors_info=&#8221;{}&#8221; width__hover_enabled=&#8221;on|desktop&#8221;][et_pb_column type=&#8221;4_4&#8243; _builder_version=&#8221;4.24.2&#8243; _module_preset=&#8221;default&#8221; global_colors_info=&#8221;{}&#8221;][et_pb_text _builder_version=&#8221;4.27.5&#8243; _module_preset=&#8221;default&#8221; animation_style=&#8221;slide&#8221; animation_direction=&#8221;bottom&#8221; animation_intensity_slide=&#8221;2%&#8221; animation_starting_opacity=&#8221;39%&#8221; global_colors_info=&#8221;{}&#8221;]<\/p>\n<h2>Preview<\/h2>\n<p>[\/et_pb_text][\/et_pb_column][\/et_pb_row][et_pb_row _builder_version=&#8221;4.24.2&#8243; _module_preset=&#8221;default&#8221; width=&#8221;100%&#8221; max_width=&#8221;100%&#8221; custom_margin=&#8221;0px||||false|false&#8221; custom_padding=&#8221;0px||||false|false&#8221; global_colors_info=&#8221;{}&#8221;][et_pb_column type=&#8221;4_4&#8243; _builder_version=&#8221;4.24.2&#8243; _module_preset=&#8221;default&#8221; global_colors_info=&#8221;{}&#8221;][dipl_hover_list hover_image_size=&#8221;200px&#8221; module_id=&#8221;artist-list&#8221; _builder_version=&#8221;4.27.5&#8243; _module_preset=&#8221;default&#8221; custom_padding=&#8221;||||false|false&#8221; animation_style=&#8221;slide&#8221; animation_direction=&#8221;bottom&#8221; animation_intensity_slide=&#8221;2%&#8221; hover_enabled=&#8221;0&#8243; border_radii_hover_image_tablet=&#8221;&#8221; border_radii_hover_image_phone=&#8221;&#8221; border_radii_hover_image_last_edited=&#8221;on|phone&#8221; global_colors_info=&#8221;{}&#8221; background__hover_enabled=&#8221;on|desktop&#8221; sticky_enabled=&#8221;0&#8243;][dipl_hover_list_item title=&#8221;30\/04\/2026 \u2013 05\/07\/2026&#8243; subtitle=&#8221;Javier Le\u00f3n P\u00e9rez&#8221; description=&#8221;La Voz Que Responde&#8221; hover_image=&#8221;https:\/\/galerieannaprobst.com\/wp-content\/uploads\/2026\/01\/Bildschirmfoto-2025-10-14-um-12.57.05-1.png&#8221; _builder_version=&#8221;4.27.5&#8243; _module_preset=&#8221;default&#8221; custom_button=&#8221;on&#8221; overflow-x=&#8221;hidden&#8221; custom_padding=&#8221;32px|3%|32px|3%|true|true&#8221; link_option_url=&#8221;@ET-DC@eyJkeW5hbWljIjp0cnVlLCJjb250ZW50IjoicG9zdF9saW5rX3VybF9wb3N0Iiwic2V0dGluZ3MiOnsicG9zdF9pZCI6IjEzMDIifX0=@&#8221; hover_enabled=&#8221;0&#8243; title_text_color_tablet=&#8221;&#8221; title_text_color_phone=&#8221;&#8221; title_text_color_last_edited=&#8221;on|desktop&#8221; global_colors_info=&#8221;{}&#8221; custom_css_main_element__hover_enabled=&#8221;on|hover&#8221; button_text_color__hover_enabled=&#8221;on|hover&#8221; button_text_color__hover=&#8221;#B4B5DF&#8221; button_border_color__hover_enabled=&#8221;on|hover&#8221; button_border_color__hover=&#8221;#B4B5DF&#8221; background_enable_color__hover=&#8221;off&#8221; title_font_size__hover_enabled=&#8221;on|hover&#8221; title_text_color__hover_enabled=&#8221;on|hover&#8221; title_text_color__hover=&#8221;#001489&#8243; subtitle_text_color__hover_enabled=&#8221;on|hover&#8221; subtitle_text_color__hover=&#8221;#001489&#8243; description_text_color__hover_enabled=&#8221;on|hover&#8221; description_text_color__hover=&#8221;#001489&#8243; _dynamic_attributes=&#8221;link_option_url&#8221; sticky_enabled=&#8221;0&#8243;][\/dipl_hover_list_item][dipl_hover_list_item title=&#8221;09\/07\/2026 \u2013 21\/08\/2026&#8243; subtitle=&#8221;Udo N\u00f6ger&#8221; description=&#8221;Udo N\u00f6ger&#8221; hover_image=&#8221;https:\/\/galerieannaprobst.com\/wp-content\/uploads\/2026\/03\/Design-ohne-Titel-1.png&#8221; _builder_version=&#8221;4.27.5&#8243; _module_preset=&#8221;default&#8221; custom_padding=&#8221;32px|3%|32px|3%|true|true&#8221; global_colors_info=&#8221;{}&#8221;][\/dipl_hover_list_item][dipl_hover_list_item title=&#8221;06\/11\/2026 \u2013 15\/01\/2027&#8243; subtitle=&#8221;Ganna Ki&#8221; description=&#8221;Ganna Ki&#8221; hover_image=&#8221;https:\/\/galerieannaprobst.com\/wp-content\/uploads\/2026\/03\/Design-ohne-Titel.png&#8221; _builder_version=&#8221;4.27.5&#8243; _module_preset=&#8221;default&#8221; custom_padding=&#8221;32px|3%|32px|3%|true|true&#8221; global_colors_info=&#8221;{}&#8221;][\/dipl_hover_list_item][\/dipl_hover_list][\/et_pb_column][\/et_pb_row][\/et_pb_section][et_pb_section fb_built=&#8221;1&#8243; _builder_version=&#8221;4.24.2&#8243; _module_preset=&#8221;default&#8221; custom_padding=&#8221;4%||6%||false|false&#8221; global_colors_info=&#8221;{}&#8221;][et_pb_row column_structure=&#8221;1_2,1_2&#8243; use_custom_gutter=&#8221;on&#8221; gutter_width=&#8221;3&#8243; make_equal=&#8221;on&#8221; custom_padding_last_edited=&#8221;on|phone&#8221; _builder_version=&#8221;4.24.2&#8243; _module_preset=&#8221;default&#8221; width=&#8221;70%&#8221; width_tablet=&#8221;94%&#8221; width_phone=&#8221;94%&#8221; width_last_edited=&#8221;on|phone&#8221; custom_margin=&#8221;||||false|false&#8221; custom_padding=&#8221;40px|40px|40px|40px|false|false&#8221; custom_padding_tablet=&#8221;40px|40px|40px|40px|false|false&#8221; custom_padding_phone=&#8221;32px|32px|32px|32px|false|false&#8221; animation_style=&#8221;slide&#8221; animation_direction=&#8221;bottom&#8221; animation_intensity_slide=&#8221;2%&#8221; border_width_all=&#8221;1px&#8221; border_color_all=&#8221;#001489&#8243; global_colors_info=&#8221;{}&#8221; custom_padding__hover_enabled=&#8221;on|desktop&#8221; custom_padding__hover=&#8221;40px|40px|40px|40px|false|false&#8221;][et_pb_column type=&#8221;1_2&#8243; _builder_version=&#8221;4.24.2&#8243; _module_preset=&#8221;default&#8221; global_colors_info=&#8221;{}&#8221;][et_pb_text _builder_version=&#8221;4.24.2&#8243; _module_preset=&#8221;default&#8221; global_colors_info=&#8221;{}&#8221;]<\/p>\n<h2>Stay up to date with our monthly newsletter.<\/h2>\n<p>We inform you about current exhibitions, our mediation program and events.<\/p>\n<p>[\/et_pb_text][\/et_pb_column][et_pb_column type=&#8221;1_2&#8243; _builder_version=&#8221;4.24.2&#8243; _module_preset=&#8221;default&#8221; global_colors_info=&#8221;{}&#8221;][et_pb_code _builder_version=&#8221;4.24.2&#8243; _module_preset=&#8221;default&#8221; custom_padding=&#8221;0px||||false|false&#8221; global_colors_info=&#8221;{}&#8221;]<!-- Begin Brevo Form --><!-- [et_pb_line_break_holder] --><!-- START - We recommend to place the below code in head tag of your website html  --><!-- [et_pb_line_break_holder] --><\/p>\n<style><!-- [et_pb_line_break_holder] -->  <!-- [et_pb_line_break_holder] --><!-- [et_pb_line_break_holder] -->  #sib-container input:-ms-input-placeholder {<!-- [et_pb_line_break_holder] -->    text-align: left;<!-- [et_pb_line_break_holder] -->    font-family: archiaregular, sans-serif;<!-- [et_pb_line_break_holder] -->    color: #919CD4;<!-- [et_pb_line_break_holder] -->  }<!-- [et_pb_line_break_holder] --><!-- [et_pb_line_break_holder] -->  #sib-container input::placeholder {<!-- [et_pb_line_break_holder] -->    text-align: left;<!-- [et_pb_line_break_holder] -->    font-family: archiaregular, sans-serif;<!-- [et_pb_line_break_holder] -->    color: #919CD4;<!-- [et_pb_line_break_holder] -->  }<!-- [et_pb_line_break_holder] --><!-- [et_pb_line_break_holder] -->  #sib-container textarea::placeholder {<!-- [et_pb_line_break_holder] -->    text-align: left;<!-- [et_pb_line_break_holder] -->    font-family: archiaregular, sans-serif;<!-- [et_pb_line_break_holder] -->    color: #919CD4;<!-- [et_pb_line_break_holder] -->  }<!-- [et_pb_line_break_holder] --><!-- [et_pb_line_break_holder] -->  #sib-container a {<!-- [et_pb_line_break_holder] -->    text-decoration: underline;<!-- [et_pb_line_break_holder] -->    color: #001489;<!-- [et_pb_line_break_holder] -->  }<!-- [et_pb_line_break_holder] --><\/style>\n<p><!-- [et_pb_line_break_holder] --><link rel=\"stylesheet\" href=\"https:\/\/sibforms.com\/forms\/end-form\/build\/sib-styles.css\"><!-- [et_pb_line_break_holder] --><!--  END - We recommend to place the above code in head tag of your website html --><!-- [et_pb_line_break_holder] --><!-- [et_pb_line_break_holder] --><!-- START - We recommend to place the below code where you want the form in your website html  --><!-- [et_pb_line_break_holder] --><\/p>\n<div class=\"sib-form\" style=\"text-align: center;         background-color: transparent;padding:0;  \"><!-- [et_pb_line_break_holder] -->  <\/p>\n<div id=\"sib-form-container\" class=\"sib-form-container\"><!-- [et_pb_line_break_holder] -->    <\/p>\n<div id=\"error-message\" class=\"sib-form-message-panel\" style=\"font-size:16px; text-align:left; font-family:archiaregular, sans-serif; color:#661d1d; background-color:#ffeded; border-radius:0px; border-color:#ff4949;max-width:100%;\"><!-- [et_pb_line_break_holder] -->      <\/p>\n<div class=\"sib-form-message-panel__text sib-form-message-panel__text--center\"><!-- [et_pb_line_break_holder] -->        <svg viewbox=\"0 0 512 512\" class=\"sib-icon sib-notification__icon\"><!-- [et_pb_line_break_holder] -->          <path d=\"M256 40c118.621 0 216 96.075 216 216 0 119.291-96.61 216-216 216-119.244 0-216-96.562-216-216 0-119.203 96.602-216 216-216m0-32C119.043 8 8 119.083 8 256c0 136.997 111.043 248 248 248s248-111.003 248-248C504 119.083 392.957 8 256 8zm-11.49 120h22.979c6.823 0 12.274 5.682 11.99 12.5l-7 168c-.268 6.428-5.556 11.5-11.99 11.5h-8.979c-6.433 0-11.722-5.073-11.99-11.5l-7-168c-.283-6.818 5.167-12.5 11.99-12.5zM256 340c-15.464 0-28 12.536-28 28s12.536 28 28 28 28-12.536 28-28-12.536-28-28-28z\"\/><!-- [et_pb_line_break_holder] -->        <\/svg><!-- [et_pb_line_break_holder] -->        <span class=\"sib-form-message-panel__inner-text\"><!-- [et_pb_line_break_holder] --> Your registration could not be saved. Please try again. <!-- [et_pb_line_break_holder] -->                      <\/span><!-- [et_pb_line_break_holder] -->      <\/div>\n<p><!-- [et_pb_line_break_holder] -->    <\/div>\n<p><!-- [et_pb_line_break_holder] -->    <\/p>\n<div><\/div>\n<p><!-- [et_pb_line_break_holder] -->    <\/p>\n<div id=\"success-message\" class=\"sib-form-message-panel\" style=\"font-size:16px; text-align:left; font-family:archiaregular, sans-serif; color:#085229; background-color:#e7faf0; border-radius:0px; border-color:#13ce66;max-width:540px;\"><!-- [et_pb_line_break_holder] -->      <\/p>\n<div class=\"sib-form-message-panel__text sib-form-message-panel__text--center\"><!-- [et_pb_line_break_holder] -->        <svg viewbox=\"0 0 512 512\" class=\"sib-icon sib-notification__icon\"><!-- [et_pb_line_break_holder] -->          <path d=\"M256 8C119.033 8 8 119.033 8 256s111.033 248 248 248 248-111.033 248-248S392.967 8 256 8zm0 464c-118.664 0-216-96.055-216-216 0-118.663 96.055-216 216-216 118.664 0 216 96.055 216 216 0 118.663-96.055 216-216 216zm141.63-274.961L217.15 376.071c-4.705 4.667-12.303 4.637-16.97-.068l-85.878-86.572c-4.667-4.705-4.637-12.303.068-16.97l8.52-8.451c4.705-4.667 12.303-4.637 16.97.068l68.976 69.533 163.441-162.13c4.705-4.667 12.303-4.637 16.97.068l8.451 8.52c4.668 4.705 4.637 12.303-.068 16.97z\"\/><!-- [et_pb_line_break_holder] -->        <\/svg><!-- [et_pb_line_break_holder] -->        <span class=\"sib-form-message-panel__inner-text\"><!-- [et_pb_line_break_holder] --> Your registration was successful.<!-- [et_pb_line_break_holder] -->                      <\/span><!-- [et_pb_line_break_holder] -->      <\/div>\n<p><!-- [et_pb_line_break_holder] -->    <\/div>\n<p><!-- [et_pb_line_break_holder] -->    <\/p>\n<div><\/div>\n<p><!-- [et_pb_line_break_holder] -->    <\/p>\n<div id=\"sib-container\" class=\"sib-container--large sib-container--horizontal\" style=\"text-align:center; background-color:rgba(255,255,255,1); max-width:100%; padding:0; border-width:0px; border-color:#001489; border-style:solid; direction:ltr\"><!-- [et_pb_line_break_holder] -->      <\/p>\n<form id=\"sib-form\" style=\"padding:0px;\" method=\"POST\" action=\"https:\/\/c811c334.sibforms.com\/serve\/MUIFAK0A4kU_eHh7XU-C4qlkI7JD71rRrWduooGtwikqUTs6_TdqH0pEylQua6G6aLu7IIqfwOK0RdUxNWrvWk4GhwY2J0iQu2Grz71likMPT_MCsldkkTM5r2HAQei6HFh98QSFwtgLLRF3w27TfwJtDxNzo0db08igz4Hfd5w1vbAoSZdBERJV37Xq6nOIQmu23hHHBgWZlA6q\" data-type=\"subscription\"><!-- [et_pb_line_break_holder] -->        <\/p>\n<div style=\"padding: 0;\"><!-- [et_pb_line_break_holder] -->          <\/p>\n<div class=\"sib-input sib-form-block\" style=\"padding:0px;\"><!-- [et_pb_line_break_holder] -->            <\/p>\n<div class=\"form__entry entry_block\" style=\"padding:0px;\"><!-- [et_pb_line_break_holder] -->              <\/p>\n<div class=\"form__label-row form__label-row--horizontal\" style=\"padding:0px;\"><!-- [et_pb_line_break_holder] --><!-- [et_pb_line_break_holder] -->                <\/p>\n<div class=\"entry__field\" style=\"padding:0px;\"><!-- [et_pb_line_break_holder] -->                  <input style=\"font-size:16px; font-family:archiamedium, sans-serif; color:#001489;border-radius:0px;\" class=\"input \" type=\"text\" id=\"EMAIL\" name=\"EMAIL\" autocomplete=\"off\" placeholder=\"Email Address\" data-required=\"true\" required=\"\"><!-- [et_pb_line_break_holder] -->                <\/div>\n<p><!-- [et_pb_line_break_holder] -->              <\/div>\n<p><!-- [et_pb_line_break_holder] --><!-- [et_pb_line_break_holder] -->              <label class=\"entry__error entry__error--primary\" style=\"font-size:16px; text-align:left; font-family:archiaregular, sans-serif; color:#661d1d; background-color:#ffeded; border-radius:0px; border-color:#ff4949;\"><!-- [et_pb_line_break_holder] -->              <\/label><!-- [et_pb_line_break_holder] -->            <\/div>\n<p><!-- [et_pb_line_break_holder] -->          <\/div>\n<p><!-- [et_pb_line_break_holder] -->        <\/div>\n<p><!-- [et_pb_line_break_holder] -->        <\/p>\n<div style=\"padding: 0;\"><!-- [et_pb_line_break_holder] -->          <\/p>\n<div class=\"g-recaptcha-v3\" data-sitekey=\"6LcPNCksAAAAAOA36kpxrdNekmCU_ylzf00oIvLV\" style=\"display: none\"><\/div>\n<p><!-- [et_pb_line_break_holder] -->        <\/div>\n<p><!-- [et_pb_line_break_holder] -->        <\/p>\n<div style=\"padding: 0;\"><!-- [et_pb_line_break_holder] -->          <\/p>\n<div class=\"sib-optin sib-form-block\" style=\"padding:0px;\"><!-- [et_pb_line_break_holder] -->            <\/p>\n<div class=\"form__entry entry_mcq\"><!-- [et_pb_line_break_holder] -->              <\/p>\n<div class=\"form__label-row form__label-row--horizontal\"><!-- [et_pb_line_break_holder] -->                <\/p>\n<div class=\"entry__choice\" style=\"\"><!-- [et_pb_line_break_holder] -->                  <label><!-- [et_pb_line_break_holder] -->                    <input type=\"checkbox\" class=\"input_replaced\" value=\"1\" id=\"OPT_IN\" name=\"OPT_IN\"><!-- [et_pb_line_break_holder] -->                    <span class=\"checkbox checkbox_tick_positive\" style=\"margin-left:\"><\/span><span style=\"font-size:13px; text-align:left; font-family:archiaregular, sans-serif; background-color:transparent;\"><pee>I have read the <a href=\"https:\/\/galerieannaprobst.com\/en\/?page_id=1117\" target=\"_blank\" style=\"color: #001489;\">privacy policy.<\/a> <\/pee><\/span> <\/label><!-- [et_pb_line_break_holder] -->                <\/div>\n<p><!-- [et_pb_line_break_holder] -->              <\/div>\n<p><!-- [et_pb_line_break_holder] -->              <label class=\"entry__error entry__error--primary\" style=\"font-size:16px; text-align:left; font-family:archiaregular, sans-serif; color:#661d1d; background-color:#ffeded; border-radius:0px; border-color:#ff4949;\"><!-- [et_pb_line_break_holder] -->              <\/label><!-- [et_pb_line_break_holder] -->            <\/div>\n<p><!-- [et_pb_line_break_holder] -->          <\/div>\n<p><!-- [et_pb_line_break_holder] -->        <\/div>\n<p><!-- [et_pb_line_break_holder] -->        <\/p>\n<div style=\"padding: 0;\"><!-- [et_pb_line_break_holder] -->          <\/p>\n<div class=\"sib-form-block\" style=\"text-align: left; padding:0;\"><!-- [et_pb_line_break_holder] -->            <button class=\"sib-form-block__button sib-form-block__button-with-loader\" style=\"font-size:14px; text-align:left; font-weight:normal; font-family:archiamedium, sans-serif; color:#fff; background-color:#001489; border-width:0px; form=\" sib-form=\"\" type=\"submit\"><!-- [et_pb_line_break_holder] -->              <svg class=\"icon clickable__icon progress-indicator__icon sib-hide-loader-icon\" viewbox=\"0 0 512 512\" style=\"\"><!-- [et_pb_line_break_holder] -->                <path d=\"M460.116 373.846l-20.823-12.022c-5.541-3.199-7.54-10.159-4.663-15.874 30.137-59.886 28.343-131.652-5.386-189.946-33.641-58.394-94.896-95.833-161.827-99.676C261.028 55.961 256 50.751 256 44.352V20.309c0-6.904 5.808-12.337 12.703-11.982 83.556 4.306 160.163 50.864 202.11 123.677 42.063 72.696 44.079 162.316 6.031 236.832-3.14 6.148-10.75 8.461-16.728 5.01z\"\/><!-- [et_pb_line_break_holder] -->              <\/svg><!-- [et_pb_line_break_holder] --> SUBSCRIBE<!-- [et_pb_line_break_holder] -->            <\/button><!-- [et_pb_line_break_holder] -->          <\/div>\n<p><!-- [et_pb_line_break_holder] -->        <\/div>\n<p><!-- [et_pb_line_break_holder] --><!-- [et_pb_line_break_holder] -->        <input type=\"text\" name=\"email_address_check\" value=\"\" class=\"input--hidden\"><!-- [et_pb_line_break_holder] -->        <input type=\"hidden\" name=\"locale\" value=\"de\"><!-- [et_pb_line_break_holder] -->      <\/form>\n<p><!-- [et_pb_line_break_holder] -->    <\/div>\n<p><!-- [et_pb_line_break_holder] -->  <\/div>\n<p><!-- [et_pb_line_break_holder] --><\/div>\n<p><!-- [et_pb_line_break_holder] --><!-- END - We recommend to place the above code where you want the form in your website html  --><!-- [et_pb_line_break_holder] --><!-- [et_pb_line_break_holder] --><!-- START - We recommend to place the below code in footer or bottom of your website html  --><!-- [et_pb_line_break_holder] --><script><!-- [et_pb_line_break_holder] -->  window.REQUIRED_CODE_ERROR_MESSAGE = 'W\u00e4hle bitte einen L\u00e4ndervorwahl aus.';<!-- [et_pb_line_break_holder] -->  window.LOCALE = 'de';<!-- [et_pb_line_break_holder] -->  window.EMAIL_INVALID_MESSAGE = window.SMS_INVALID_MESSAGE = \"Die eingegebenen Informationen sind nicht g\u00fcltig. Bitte \u00fcberpr\u00fcfe das Feldformat und versuche es erneut.\";<!-- [et_pb_line_break_holder] --><!-- [et_pb_line_break_holder] -->  window.REQUIRED_ERROR_MESSAGE = \"Dieses Feld darf nicht leer sein. \";<!-- [et_pb_line_break_holder] --><!-- [et_pb_line_break_holder] -->  window.GENERIC_INVALID_MESSAGE = \"Die eingegebenen Informationen sind nicht g\u00fcltig. Bitte \u00fcberpr\u00fcfe das Feldformat und versuche es erneut.\";<!-- [et_pb_line_break_holder] --><!-- [et_pb_line_break_holder] --><!-- [et_pb_line_break_holder] --><!-- [et_pb_line_break_holder] --><!-- [et_pb_line_break_holder] -->  window.translation = {<!-- [et_pb_line_break_holder] -->    common: {<!-- [et_pb_line_break_holder] -->      selectedList: '{quantity} Liste ausgew\u00e4hlt',<!-- [et_pb_line_break_holder] -->      selectedLists: '{quantity} Listen ausgew\u00e4hlt',<!-- [et_pb_line_break_holder] -->      selectedOption: '{quantity} ausgew\u00e4hlt',<!-- [et_pb_line_break_holder] -->      selectedOptions: '{quantity} ausgew\u00e4hlt',<!-- [et_pb_line_break_holder] -->    }<!-- [et_pb_line_break_holder] -->  };<!-- [et_pb_line_break_holder] --><!-- [et_pb_line_break_holder] -->  var AUTOHIDE = Boolean(0);<!-- [et_pb_line_break_holder] --><\/script><!-- [et_pb_line_break_holder] --><!-- [et_pb_line_break_holder] --><script defer src=\"https:\/\/sibforms.com\/forms\/end-form\/build\/main.js\"><\/script><!-- [et_pb_line_break_holder] --><!-- [et_pb_line_break_holder] --><script src=\"https:\/\/www.google.com\/recaptcha\/api.js?render=6LcPNCksAAAAAOA36kpxrdNekmCU_ylzf00oIvLV&amp;hl=de\" async=\"\" defer><\/script><!-- [et_pb_line_break_holder] --><!-- [et_pb_line_break_holder] --><!-- END - We recommend to place the above code in footer or bottom of your website html  --><!-- [et_pb_line_break_holder] --><!-- End Brevo Form -->[\/et_pb_code][\/et_pb_column][\/et_pb_row][\/et_pb_section][et_pb_section fb_built=&#8221;1&#8243; _builder_version=&#8221;4.27.5&#8243; _module_preset=&#8221;default&#8221; global_colors_info=&#8221;{}&#8221;][et_pb_row _builder_version=&#8221;4.27.5&#8243; _module_preset=&#8221;default&#8221; global_colors_info=&#8221;{}&#8221;][et_pb_column type=&#8221;4_4&#8243; _builder_version=&#8221;4.27.5&#8243; _module_preset=&#8221;default&#8221; global_colors_info=&#8221;{}&#8221;][et_pb_code _builder_version=&#8221;4.27.5&#8243; _module_preset=&#8221;default&#8221; global_colors_info=&#8221;{}&#8221;]<\/p>\n<style><!-- [et_pb_line_break_holder] -->    \/* Wir erzwingen, dass der Preloader \u00dcBER ALLEM steht *\/<!-- [et_pb_line_break_holder] -->    #galerie-preloader {<!-- [et_pb_line_break_holder] -->        position: fixed !important;<!-- [et_pb_line_break_holder] -->        top: 0 !important;<!-- [et_pb_line_break_holder] -->        left: 0 !important;<!-- [et_pb_line_break_holder] -->        width: 100vw !important;<!-- [et_pb_line_break_holder] -->        height: 100vh !important;<!-- [et_pb_line_break_holder] -->        border: none !important;<!-- [et_pb_line_break_holder] -->        \/* Der maximal m\u00f6gliche Z-Index in CSS *\/<!-- [et_pb_line_break_holder] -->        z-index: 2147483647 !important; <!-- [et_pb_line_break_holder] -->        transition: opacity 0.8s ease;<!-- [et_pb_line_break_holder] -->        background: #b4b5df; \/* Verhindert Blitzen beim Laden *\/<!-- [et_pb_line_break_holder] -->    }<!-- [et_pb_line_break_holder] --><!-- [et_pb_line_break_holder] -->    \/* W\u00e4hrend der Preloader aktiv ist, setzen wir den Header k\u00fcnstlich tiefer *\/<!-- [et_pb_line_break_holder] -->    body.preloader-active header, <!-- [et_pb_line_break_holder] -->    body.preloader-active .site-header,<!-- [et_pb_line_break_holder] -->    body.preloader-active #masthead {<!-- [et_pb_line_break_holder] -->        z-index: 1 !important;<!-- [et_pb_line_break_holder] -->    }<!-- [et_pb_line_break_holder] --><\/style>\n<p><!-- [et_pb_line_break_holder] --><!-- [et_pb_line_break_holder] --><iframe id=\"galerie-preloader\" src=\"https:\/\/galerieannaprobst.com\/wp-content\/themes\/divi-child\/preloader.html\"><\/iframe><!-- [et_pb_line_break_holder] --><!-- [et_pb_line_break_holder] --><script><!-- [et_pb_line_break_holder] -->    \/\/ Sobald das Script l\u00e4uft, markieren wir den Body als \"aktiv\"<!-- [et_pb_line_break_holder] -->    document.body.classList.add('preloader-active');<!-- [et_pb_line_break_holder] -->    document.body.style.overflow = 'hidden';<!-- [et_pb_line_break_holder] --><!-- [et_pb_line_break_holder] -->    window.addEventListener('message', function(event) {<!-- [et_pb_line_break_holder] -->        if (event.data === 'preloaderFinished') {<!-- [et_pb_line_break_holder] -->            const preloader = document.getElementById('galerie-preloader');<!-- [et_pb_line_break_holder] -->            if (preloader) {<!-- [et_pb_line_break_holder] -->                preloader.style.opacity = '0';<!-- [et_pb_line_break_holder] -->                setTimeout(() =&gt; {<!-- [et_pb_line_break_holder] -->                    preloader.remove();<!-- [et_pb_line_break_holder] -->                    \/\/ Wir entfernen die Markierung und geben das Scrollen frei<!-- [et_pb_line_break_holder] -->                    document.body.classList.remove('preloader-active');<!-- [et_pb_line_break_holder] -->                    document.body.style.overflow = 'auto';<!-- [et_pb_line_break_holder] -->                }, 800);<!-- [et_pb_line_break_holder] -->            }<!-- [et_pb_line_break_holder] -->        }<!-- [et_pb_line_break_holder] -->    });<!-- [et_pb_line_break_holder] --><\/script>[\/et_pb_code][\/et_pb_column][\/et_pb_row][\/et_pb_section]<\/p>\n","protected":false},"excerpt":{"rendered":"<p>Chromatic Silence 06\/03 \u2013 24\/04\/26 May Carro Cabaleiro Details <div class=\"et_pb_module dpdfg_filtergrid dpdfg_filtergrid_0 et_animated\">\n\t\t\t\t\n\t\t\t\t\n\t\t\t\t\n\t\t\t\t\n\t\t\t\t\n\t\t\t\t\n\t\t\t\t<div class=\"et_pb_module_inner\">\n\t\t\t\t\t<!-- DPDFG Start Main Container --><div class=\"dp-dfg-container dp-dfg-layout-grid dp-dfg-skin-default dp-dfg-skin-top-filters\" data-active-filter=\"all\" data-page=\"1\" data-found-posts=\"9\" data-post-number=\"4\" data-default-filter=\"All\" data-link-filter=\"\" data-cache=\"off\" data-ratio=\"0.625\" data-show-thumb=\"on\" data-action=\"link\" data-new-window=\"off\" data-filters=\"off\" data-date-filters=\"off\" data-multifilter=\"off|OR\" data-multilevel=\"off|AND|off\" data-sorting=\"off\" data-order=\"DESC\" data-orderby=\"date\" data-initorderby=\"date\" data-url-navigation=\"off\" data-url-history=\"on|reload\" data-ajax-filters=\"off\" data-doing-ajax=\"off\" data-module=\"dpdfg_filtergrid_0\" data-search=\"off\" data-search-position=\"above\" data-terms-tags=\"on\" data-pagination=\"off\" data-filter-method=\"default\" data-third-party=\"\" data-lightbox=\"on|||\" data-video-preview=\"off\" data-no-init=\"off\" data-st=\"on\" data-no-results=\"off\"><div class=\"dp-dfg-items\"><article id=\"post-1144\" class=\"dp-dfg-item post-1144 post type-post status-publish format-standard has-post-thumbnail hentry category-unkategorisiert\"     data-position=\"0\"   data-new-tab=\"off\"   data-action-priority=\"item\"><figure class=\"dp-dfg-image entry-thumb\"><a href=\"https:\/\/galerieannaprobst.com\/en\/\" class=\"dp-dfg-image-link\" ><img loading=\"lazy\" decoding=\"async\" class=\"dp-dfg-featured-image\" src=\"https:\/\/galerieannaprobst.com\/wp-content\/uploads\/2025\/12\/anna-probst-galeristin-09-1080x675.jpg\" alt=\"This is a test post\" width=\"1080\" height=\"675\" data-ratio=\"0.625\"\/><\/a><\/figure><div class=\"dp-dfg-header entry-header\"><h2 class=\"entry-title\">This is a test post<\/h2><\/div><div class=\"dp-dfg-meta entry-meta\"><span class=\"published\">5. March 2026 | <\/span><span class=\"terms\"><a href=\"https:\/\/galerieannaprobst.com\/en\/category\/unkategorisiert\/\" class=\"term-link unkategorisiert taxonomy-category\" data-term-id=\"1\">Unkategorisiert<\/a><\/span><\/div><\/article><!-- DPDFG End Post Item Container --><article id=\"post-1049\" class=\"dp-dfg-item post-1049 post type-post status-publish format-standard has-post-thumbnail hentry category-exhibitions tag-may-carro-cabaleiro\"     data-position=\"1\"   data-new-tab=\"off\"   data-action-priority=\"item\"><figure class=\"dp-dfg-image entry-thumb\"><a href=\"https:\/\/galerieannaprobst.com\/en\/chromatic-silence-may-carro-cabaleiro-march-6-april-24-2026\/\" class=\"dp-dfg-image-link\" ><img loading=\"lazy\" decoding=\"async\" class=\"dp-dfg-featured-image\" src=\"https:\/\/galerieannaprobst.com\/wp-content\/uploads\/2026\/02\/May-4-1080x675.jpg\" alt=\"Chromatic Silence | May Carro Cabaleiro | March 6 \u2013 April 24 2026\" width=\"1080\" height=\"675\" data-ratio=\"0.625\"\/><\/a><\/figure><div class=\"dp-dfg-header entry-header\"><h2 class=\"entry-title\">Chromatic Silence | May Carro Cabaleiro | March 6 \u2013 April 24 2026<\/h2><\/div><div class=\"dp-dfg-meta entry-meta\"><span class=\"published\">26. February 2026 | <\/span><span class=\"terms\"><a href=\"https:\/\/galerieannaprobst.com\/en\/category\/exhibitions\/\" class=\"term-link exhibitions taxonomy-category\" data-term-id=\"32\">Exhibitions<\/a><\/span><\/div><\/article><!-- DPDFG End Post Item Container --><article id=\"post-1121\" class=\"dp-dfg-item post-1121 post type-post status-publish format-standard has-post-thumbnail hentry category-interviews tag-ganna-ki\"     data-position=\"2\"   data-new-tab=\"off\"   data-action-priority=\"item\"><figure class=\"dp-dfg-image entry-thumb\"><a href=\"https:\/\/galerieannaprobst.com\/en\/interview-with-ganna-ki\/\" class=\"dp-dfg-image-link\" ><img loading=\"lazy\" decoding=\"async\" class=\"dp-dfg-featured-image\" src=\"https:\/\/galerieannaprobst.com\/wp-content\/uploads\/2026\/01\/Ganna-6-1080x675.jpg\" alt=\"Interview with Ganna Ki\" width=\"1080\" height=\"675\" data-ratio=\"0.625\"\/><\/a><\/figure><div class=\"dp-dfg-header entry-header\"><h2 class=\"entry-title\">Interview with Ganna Ki<\/h2><\/div><div class=\"dp-dfg-meta entry-meta\"><span class=\"published\">7. January 2026 | <\/span><span class=\"terms\"><a href=\"https:\/\/galerieannaprobst.com\/en\/category\/interviews\/\" class=\"term-link interviews taxonomy-category\" data-term-id=\"37\">Interviews<\/a><\/span><\/div><\/article><!-- DPDFG End Post Item Container --><article id=\"post-1111\" class=\"dp-dfg-item post-1111 post type-post status-publish format-standard has-post-thumbnail hentry category-interviews tag-may-carro-cabaleiro\"     data-position=\"3\"   data-new-tab=\"off\"   data-action-priority=\"item\"><figure class=\"dp-dfg-image entry-thumb\"><a href=\"https:\/\/galerieannaprobst.com\/en\/interview-with-may-carro-cabaleiro\/\" class=\"dp-dfg-image-link\" ><img loading=\"lazy\" decoding=\"async\" class=\"dp-dfg-featured-image\" src=\"https:\/\/galerieannaprobst.com\/wp-content\/uploads\/2026\/01\/0215_May-Carro-Cabaleiro_Studiovisit_galerie-probst_Goode-Giannina_2-e1767791927690-1080x675.jpg\" alt=\"Interview with May Carro Cabaleiro\" width=\"1080\" height=\"675\" data-ratio=\"0.625\"\/><\/a><\/figure><div class=\"dp-dfg-header entry-header\"><h2 class=\"entry-title\">Interview with May Carro Cabaleiro<\/h2><\/div><div class=\"dp-dfg-meta entry-meta\"><span class=\"published\">7. January 2026 | <\/span><span class=\"terms\"><a href=\"https:\/\/galerieannaprobst.com\/en\/category\/interviews\/\" class=\"term-link interviews taxonomy-category\" data-term-id=\"37\">Interviews<\/a><\/span><\/div><\/article><!-- DPDFG End Post Item Container --><\/div><div class=\"dp-dfg-announcer screen-reader-text\" aria-live=\"polite\" aria-atomic=\"true\"><\/div><\/div><!-- DPDFG End Main Container --><div class=\"dp-dfg-data dp-dfg-hide\"><div class=\"dp-dfg-ajax-data\" data-ajax=\"{&quot;custom_query&quot;:&quot;archive&quot;,&quot;support_for&quot;:&quot;sfp&quot;,&quot;sfp_id&quot;:&quot;&quot;,&quot;include_categories&quot;:&quot;&quot;,&quot;current_post_type&quot;:&quot;on&quot;,&quot;multiple_cpt&quot;:&quot;post&quot;,&quot;use_taxonomy_terms&quot;:&quot;off&quot;,&quot;multiple_taxonomies&quot;:&quot;category&quot;,&quot;taxonomies_relation&quot;:&quot;OR&quot;,&quot;include_terms&quot;:&quot;&quot;,&quot;terms_relation&quot;:&quot;IN&quot;,&quot;include_children_terms&quot;:&quot;on&quot;,&quot;exclude_taxonomies&quot;:&quot;category&quot;,&quot;exclude_taxonomies_relation&quot;:&quot;OR&quot;,&quot;exclude_terms&quot;:&quot;&quot;,&quot;meta_query&quot;:&quot;off&quot;,&quot;meta_cf_key&quot;:&quot;&quot;,&quot;meta_cf_value&quot;:&quot;&quot;,&quot;meta_cf_compare&quot;:&quot;Equal To&quot;,&quot;meta_cf_type&quot;:&quot;CHAR&quot;,&quot;related_taxonomies&quot;:&quot;&quot;,&quot;related_criteria&quot;:&quot;one_in_one&quot;,&quot;posts_ids&quot;:&quot;&quot;,&quot;post_number&quot;:&quot;4&quot;,&quot;offset_number&quot;:&quot;0&quot;,&quot;order&quot;:&quot;DESC&quot;,&quot;orderby&quot;:&quot;date&quot;,&quot;meta_key&quot;:&quot;&quot;,&quot;meta_type&quot;:&quot;CHAR&quot;,&quot;show_private&quot;:&quot;off&quot;,&quot;current_author&quot;:&quot;off&quot;,&quot;sticky_posts&quot;:&quot;off&quot;,&quot;remove_current_post&quot;:&quot;off&quot;,&quot;no_results&quot;:&quot;No results found.&quot;,&quot;thumbnail_action&quot;:&quot;link&quot;,&quot;gallery_cf_name&quot;:&quot;&quot;,&quot;lightbox_elements&quot;:&quot;on|||&quot;,&quot;show_thumbnail&quot;:&quot;on&quot;,&quot;thumbnail_size&quot;:&quot;1080x675&quot;,&quot;t_alt&quot;:&quot;title&quot;,&quot;use_overlay&quot;:&quot;off&quot;,&quot;show_title&quot;:&quot;on&quot;,&quot;title_link&quot;:&quot;off&quot;,&quot;show_post_meta&quot;:&quot;on&quot;,&quot;meta_separator&quot;:&quot; | &quot;,&quot;show_author&quot;:&quot;off&quot;,&quot;author_prefix_text&quot;:&quot;By &quot;,&quot;show_date&quot;:&quot;on&quot;,&quot;date_format&quot;:&quot;j. F Y&quot;,&quot;show_terms&quot;:&quot;on&quot;,&quot;show_terms_taxonomy&quot;:&quot;category&quot;,&quot;terms_separator&quot;:&quot;,&quot;,&quot;terms_links&quot;:&quot;on&quot;,&quot;show_comments&quot;:&quot;off&quot;,&quot;show_content&quot;:&quot;off&quot;,&quot;content_length&quot;:&quot;excerpt&quot;,&quot;truncate_content&quot;:&quot;120&quot;,&quot;truncate_excerpt&quot;:&quot;off&quot;,&quot;strip_html&quot;:&quot;on&quot;,&quot;action_button&quot;:&quot;off&quot;,&quot;action_button_text&quot;:&quot;Click Action Button&quot;,&quot;read_more&quot;:&quot;off&quot;,&quot;read_more_text&quot;:&quot;Read More&quot;,&quot;read_more_window&quot;:&quot;off&quot;,&quot;show_custom_fields&quot;:&quot;off&quot;,&quot;custom_fields&quot;:&quot;&quot;,&quot;show_custom_content&quot;:&quot;off&quot;,&quot;custom_content_container&quot;:&quot;on&quot;,&quot;custom_url&quot;:&quot;off&quot;,&quot;custom_url_field_name&quot;:&quot;&quot;,&quot;custom_url_target&quot;:&quot;same&quot;,&quot;show_video_preview&quot;:&quot;off&quot;,&quot;video_module&quot;:&quot;off&quot;,&quot;video_action&quot;:&quot;play&quot;,&quot;video_action_priority&quot;:&quot;on&quot;,&quot;video_overlay&quot;:&quot;on&quot;,&quot;video_overlay_icon&quot;:&quot;on&quot;,&quot;video_icon&quot;:&quot;&amp;#x49;||divi||400&quot;,&quot;video_icon_color&quot;:&quot;#ffffff&quot;,&quot;video_overlay_color&quot;:&quot;rgba(0,0,0,0.6)&quot;,&quot;show_filters&quot;:&quot;off&quot;,&quot;multilevel&quot;:&quot;off&quot;,&quot;multilevel_hierarchy&quot;:&quot;off&quot;,&quot;multilevel_hierarchy_tax&quot;:&quot;[{\\&quot;name\\&quot;:\\&quot;category\\&quot;,\\&quot;label\\&quot;:\\&quot;\\&quot;,\\&quot;all\\&quot;:\\&quot;\\&quot;}]&quot;,&quot;multilevel_relation&quot;:&quot;AND&quot;,&quot;multilevel_tax_data&quot;:&quot;[{\\&quot;name\\&quot;:\\&quot;category\\&quot;,\\&quot;label\\&quot;:\\&quot;\\&quot;,\\&quot;all\\&quot;:\\&quot;\\&quot;}]&quot;,&quot;filter_children_terms&quot;:&quot;on&quot;,&quot;use_custom_terms_filters&quot;:&quot;off&quot;,&quot;filter_taxonomies&quot;:&quot;category&quot;,&quot;filter_terms&quot;:&quot;&quot;,&quot;default_filter&quot;:&quot;All&quot;,&quot;filters_order&quot;:&quot;ASC&quot;,&quot;filters_sort&quot;:&quot;id&quot;,&quot;filters_custom&quot;:&quot;&quot;,&quot;hide_all&quot;:&quot;on&quot;,&quot;all_text&quot;:&quot;All&quot;,&quot;s_df&quot;:&quot;off&quot;,&quot;df_col&quot;:&quot;post_date&quot;,&quot;s_df_y&quot;:&quot;on&quot;,&quot;s_df_m&quot;:&quot;on&quot;,&quot;filter_layout&quot;:&quot;button&quot;,&quot;multifilter&quot;:&quot;off&quot;,&quot;multifilter_relation&quot;:&quot;OR&quot;,&quot;show_sort&quot;:&quot;off&quot;,&quot;ajax_filters&quot;:&quot;off&quot;,&quot;cache_on_page&quot;:&quot;off&quot;,&quot;show_pagination&quot;:&quot;off&quot;,&quot;pagination_type&quot;:&quot;paged&quot;,&quot;ajax_load_more_text&quot;:&quot;Load More&quot;,&quot;previous_icon&quot;:&quot;&amp;#x34;||divi||400&quot;,&quot;next_icon&quot;:&quot;&amp;#x35;||divi||400&quot;,&quot;previous_text&quot;:&quot;&quot;,&quot;next_text&quot;:&quot;&quot;,&quot;pagination_pages&quot;:&quot;2&quot;,&quot;items_layout&quot;:&quot;dp-dfg-layout-grid&quot;,&quot;thumb_width&quot;:&quot;33%&quot;,&quot;items_width&quot;:&quot;20%&quot;,&quot;items_skin&quot;:&quot;dp-dfg-skin-default&quot;,&quot;primary_view&quot;:&quot;[{\\&quot;name\\&quot;:\\&quot;thumbnail\\&quot;,\\&quot;show\\&quot;:\\&quot;on\\&quot;},{\\&quot;name\\&quot;:\\&quot;overlay\\&quot;,\\&quot;show\\&quot;:\\&quot;on\\&quot;},{\\&quot;name\\&quot;:\\&quot;title\\&quot;,\\&quot;show\\&quot;:\\&quot;off\\&quot;},{\\&quot;name\\&quot;:\\&quot;meta\\&quot;,\\&quot;show\\&quot;:\\&quot;off\\&quot;},{\\&quot;name\\&quot;:\\&quot;ext\\&quot;,\\&quot;show\\&quot;:\\&quot;off\\&quot;},{\\&quot;name\\&quot;:\\&quot;content\\&quot;,\\&quot;show\\&quot;:\\&quot;off\\&quot;},{\\&quot;name\\&quot;:\\&quot;action_button\\&quot;,\\&quot;show\\&quot;:\\&quot;off\\&quot;},{\\&quot;name\\&quot;:\\&quot;read_more_button\\&quot;,\\&quot;show\\&quot;:\\&quot;off\\&quot;},{\\&quot;name\\&quot;:\\&quot;custom_content\\&quot;,\\&quot;show\\&quot;:\\&quot;off\\&quot;}]&quot;,&quot;secondary_view&quot;:&quot;[{\\&quot;name\\&quot;:\\&quot;thumbnail\\&quot;,\\&quot;show\\&quot;:\\&quot;off\\&quot;},{\\&quot;name\\&quot;:\\&quot;title\\&quot;,\\&quot;show\\&quot;:\\&quot;on\\&quot;},{\\&quot;name\\&quot;:\\&quot;meta\\&quot;,\\&quot;show\\&quot;:\\&quot;on\\&quot;},{\\&quot;name\\&quot;:\\&quot;ext\\&quot;,\\&quot;show\\&quot;:\\&quot;on\\&quot;},{\\&quot;name\\&quot;:\\&quot;content\\&quot;,\\&quot;show\\&quot;:\\&quot;on\\&quot;},{\\&quot;name\\&quot;:\\&quot;action_button\\&quot;,\\&quot;show\\&quot;:\\&quot;on\\&quot;},{\\&quot;name\\&quot;:\\&quot;read_more_button\\&quot;,\\&quot;show\\&quot;:\\&quot;on\\&quot;},{\\&quot;name\\&quot;:\\&quot;custom_content\\&quot;,\\&quot;show\\&quot;:\\&quot;on\\&quot;}]&quot;,&quot;popup_template&quot;:&quot;default&quot;,&quot;popup_link_target&quot;:&quot;none&quot;,&quot;popup_code&quot;:&quot;&quot;,&quot;use_overlay_icon&quot;:&quot;on&quot;,&quot;hover_icon&quot;:&quot;&amp;#xe050;||divi||400&quot;,&quot;overlay_icon_color&quot;:&quot;#2ea3f2&quot;,&quot;hover_overlay_color&quot;:&quot;rgba(255,255,255,0.9)&quot;,&quot;show_search&quot;:&quot;off&quot;,&quot;search_position&quot;:&quot;above&quot;,&quot;orderby_search&quot;:&quot;on&quot;,&quot;relevanssi&quot;:&quot;off&quot;,&quot;bg_items&quot;:&quot;&quot;,&quot;admin_label&quot;:&quot;&quot;,&quot;module_id&quot;:&quot;&quot;,&quot;module_class&quot;:&quot;&quot;,&quot;dpdfg_entry_title_level&quot;:&quot;h2&quot;,&quot;read_more_button_icon&quot;:&quot;&quot;,&quot;action_button_icon&quot;:&quot;&quot;,&quot;the_ID&quot;:0,&quot;the_author&quot;:1,&quot;seed&quot;:7754,&quot;query_context&quot;:&quot;initial_query&quot;,&quot;conditional_tags&quot;:{&quot;is_user_logged_in&quot;:&quot;off&quot;,&quot;is_front_page&quot;:&quot;off&quot;,&quot;is_singular&quot;:&quot;off&quot;,&quot;is_archive&quot;:&quot;off&quot;,&quot;is_search&quot;:&quot;off&quot;,&quot;is_tax&quot;:&quot;off&quot;,&quot;is_author&quot;:&quot;off&quot;,&quot;is_date&quot;:&quot;off&quot;,&quot;is_post_type&quot;:&quot;off&quot;},&quot;query_var&quot;:{&quot;s&quot;:&quot;&quot;,&quot;year&quot;:&quot;&quot;,&quot;monthnum&quot;:&quot;&quot;,&quot;day&quot;:&quot;&quot;,&quot;post_type&quot;:&quot;&quot;},&quot;custom_data&quot;:[]}\"><\/div><div class=\"dp-dfg-no-results-data\"><div class=\"dp-dfg-no-results\">No results found.<\/div><\/div><div class=\"dp-dfg-loader-data\"><div class=\"dp-dfg-loader-wrapper dp-dfg-loader\"><style>.dfg-loader-c1 {width: 24px; height: 24px; border: 1px solid #B4B5DF; border-bottom-color: #001489; border-radius: 50%; display: inline-block; box-sizing: border-box; animation: dfg-c1 1.2s linear infinite;} @keyframes dfg-c1 {0% {transform: rotate(0deg);} 100% {transform: rotate(360deg);}}<\/style><div class='dfg-loader-c1'><\/div><\/div><\/div><\/div>\n\t\t\t\t<\/div>\n\t\t\t<\/div>Preview<div id=\"artist-list\" class=\"et_pb_module dipl_hover_list dipl_hover_list_0 et_animated et_pb_section_video_on_hover\">\n\t\t\t\t\n\t\t\t\t\n\t\t\t\t\n\t\t\t\t\n\t\t\t\t\n\t\t\t\t\n\t\t\t\t<div class=\"et_pb_module_inner\">\n\t\t\t\t\t<div class=\"dipl-hover-list-wrapper\">\n\t\t\t\t<div class=\"dipl-hover-list-cursor\"><\/div>\n\t\t\t\t<div class=\"dipl-hover-list-inner\"><\/div>\n\t\t\t<\/div>\n\t\t\t\t<\/div>\n\t\t\t<\/div><div class=\"et_pb_module dipl_hover_list_item dipl_hover_list_item_0\">\n\t\t\t\t\n\t\t\t\t\n\t\t\t\t\n\t\t\t\t\n\t\t\t\t<div data-image=\"\" class=\"dipl-hover-list-item-wrapper\"><div class=\"dipl-hover-list-item-inner\">\n\t\t\t\t\t<div class=\"dipl_hover_list_title_wrapper\"> <h4 class=\"dipl_hover_list_title\">&#8221;30\/04\/2026<\/h4><\/div> <div class=\"dipl_hover_list_description\">&#8221;La<\/div> <div class=\"dipl_hover_list_subtitle\">&#8221;Javier<\/div> \n\t\t\t\t<\/div>\n\t\t\t\t<div class=\"dipl-hover-list-item-overlay\"><\/div>\n\t\t\t\t<div class=\"dipl-hover-list-item-divider\"><\/div><\/div>\n\t\t\t<\/div><\/p>\n","protected":false},"author":1,"featured_media":0,"parent":0,"menu_order":0,"comment_status":"closed","ping_status":"closed","template":"","meta":{"_et_pb_use_builder":"on","_et_pb_old_content":"","_et_gb_content_width":"","inline_featured_image":false,"footnotes":""},"class_list":["post-1352","page","type-page","status-publish","hentry"],"yoast_head":"<!-- This site is optimized with the Yoast SEO plugin v26.9 - https:\/\/yoast.com\/product\/yoast-seo-wordpress\/ -->\n<title>Galerie Anna Probst - Galerie Anna Probst<\/title>\n<meta name=\"robots\" content=\"index, follow, max-snippet:-1, max-image-preview:large, max-video-preview:-1\" \/>\n<link rel=\"canonical\" href=\"https:\/\/galerieannaprobst.com\/en\/\" \/>\n<meta property=\"og:locale\" content=\"en_US\" \/>\n<meta property=\"og:type\" content=\"article\" \/>\n<meta property=\"og:title\" content=\"Galerie Anna Probst - Galerie Anna Probst\" \/>\n<meta property=\"og:description\" content=\"Chromatic Silence 06\/03 \u2013 24\/04\/26 May Carro Cabaleiro Details Preview\" \/>\n<meta property=\"og:url\" content=\"https:\/\/galerieannaprobst.com\/en\/\" \/>\n<meta property=\"og:site_name\" content=\"Galerie Anna Probst\" \/>\n<meta property=\"article:modified_time\" content=\"2026-04-23T14:57:32+00:00\" \/>\n<meta name=\"twitter:card\" content=\"summary_large_image\" \/>\n<meta name=\"twitter:label1\" content=\"Est. reading time\" \/>\n\t<meta name=\"twitter:data1\" content=\"5 minutes\" \/>\n<script type=\"application\/ld+json\" class=\"yoast-schema-graph\">{\"@context\":\"https:\/\/schema.org\",\"@graph\":[{\"@type\":\"WebPage\",\"@id\":\"https:\/\/galerieannaprobst.com\/en\/\",\"url\":\"https:\/\/galerieannaprobst.com\/en\/\",\"name\":\"Galerie Anna Probst - Galerie Anna Probst\",\"isPartOf\":{\"@id\":\"https:\/\/galerieannaprobst.com\/en\/#website\"},\"datePublished\":\"2025-12-01T08:48:58+00:00\",\"dateModified\":\"2026-04-23T14:57:32+00:00\",\"breadcrumb\":{\"@id\":\"https:\/\/galerieannaprobst.com\/en\/#breadcrumb\"},\"inLanguage\":\"en-US\",\"potentialAction\":[{\"@type\":\"ReadAction\",\"target\":[\"https:\/\/galerieannaprobst.com\/en\/\"]}]},{\"@type\":\"BreadcrumbList\",\"@id\":\"https:\/\/galerieannaprobst.com\/en\/#breadcrumb\",\"itemListElement\":[{\"@type\":\"ListItem\",\"position\":1,\"name\":\"Start\",\"item\":\"https:\/\/galerieannaprobst.com\/en\/galerie-anna-probst\/\"},{\"@type\":\"ListItem\",\"position\":2,\"name\":\"Galerie Anna Probst\"}]},{\"@type\":\"WebSite\",\"@id\":\"https:\/\/galerieannaprobst.com\/en\/#website\",\"url\":\"https:\/\/galerieannaprobst.com\/en\/\",\"name\":\"Galerie Anna Probst\",\"description\":\"Zeitgen\u00f6ssische Kunst ist unsere Passion\",\"publisher\":{\"@id\":\"https:\/\/galerieannaprobst.com\/en\/#\/schema\/person\/8aa7287c7fdb9d1358776fe686153968\"},\"potentialAction\":[{\"@type\":\"SearchAction\",\"target\":{\"@type\":\"EntryPoint\",\"urlTemplate\":\"https:\/\/galerieannaprobst.com\/en\/?s={search_term_string}\"},\"query-input\":{\"@type\":\"PropertyValueSpecification\",\"valueRequired\":true,\"valueName\":\"search_term_string\"}}],\"inLanguage\":\"en-US\"},{\"@type\":[\"Person\",\"Organization\"],\"@id\":\"https:\/\/galerieannaprobst.com\/en\/#\/schema\/person\/8aa7287c7fdb9d1358776fe686153968\",\"name\":\"vero\",\"image\":{\"@type\":\"ImageObject\",\"inLanguage\":\"en-US\",\"@id\":\"https:\/\/galerieannaprobst.com\/en\/#\/schema\/person\/image\/\",\"url\":\"https:\/\/secure.gravatar.com\/avatar\/71f2d4e23cd91daa7eb0a0fd664d6a5912534cfadc5a3d559d832b20ce04f84b?s=96&d=mm&r=g\",\"contentUrl\":\"https:\/\/secure.gravatar.com\/avatar\/71f2d4e23cd91daa7eb0a0fd664d6a5912534cfadc5a3d559d832b20ce04f84b?s=96&d=mm&r=g\",\"caption\":\"vero\"},\"logo\":{\"@id\":\"https:\/\/galerieannaprobst.com\/en\/#\/schema\/person\/image\/\"}}]}<\/script>\n<!-- \/ Yoast SEO plugin. -->","yoast_head_json":{"title":"Galerie Anna Probst - Galerie Anna Probst","robots":{"index":"index","follow":"follow","max-snippet":"max-snippet:-1","max-image-preview":"max-image-preview:large","max-video-preview":"max-video-preview:-1"},"canonical":"https:\/\/galerieannaprobst.com\/en\/","og_locale":"en_US","og_type":"article","og_title":"Galerie Anna Probst - Galerie Anna Probst","og_description":"Chromatic Silence 06\/03 \u2013 24\/04\/26 May Carro Cabaleiro Details Preview","og_url":"https:\/\/galerieannaprobst.com\/en\/","og_site_name":"Galerie Anna Probst","article_modified_time":"2026-04-23T14:57:32+00:00","twitter_card":"summary_large_image","twitter_misc":{"Est. reading time":"5 minutes"},"schema":{"@context":"https:\/\/schema.org","@graph":[{"@type":"WebPage","@id":"https:\/\/galerieannaprobst.com\/en\/","url":"https:\/\/galerieannaprobst.com\/en\/","name":"Galerie Anna Probst - Galerie Anna Probst","isPartOf":{"@id":"https:\/\/galerieannaprobst.com\/en\/#website"},"datePublished":"2025-12-01T08:48:58+00:00","dateModified":"2026-04-23T14:57:32+00:00","breadcrumb":{"@id":"https:\/\/galerieannaprobst.com\/en\/#breadcrumb"},"inLanguage":"en-US","potentialAction":[{"@type":"ReadAction","target":["https:\/\/galerieannaprobst.com\/en\/"]}]},{"@type":"BreadcrumbList","@id":"https:\/\/galerieannaprobst.com\/en\/#breadcrumb","itemListElement":[{"@type":"ListItem","position":1,"name":"Start","item":"https:\/\/galerieannaprobst.com\/en\/galerie-anna-probst\/"},{"@type":"ListItem","position":2,"name":"Galerie Anna Probst"}]},{"@type":"WebSite","@id":"https:\/\/galerieannaprobst.com\/en\/#website","url":"https:\/\/galerieannaprobst.com\/en\/","name":"Galerie Anna Probst","description":"Zeitgen\u00f6ssische Kunst ist unsere Passion","publisher":{"@id":"https:\/\/galerieannaprobst.com\/en\/#\/schema\/person\/8aa7287c7fdb9d1358776fe686153968"},"potentialAction":[{"@type":"SearchAction","target":{"@type":"EntryPoint","urlTemplate":"https:\/\/galerieannaprobst.com\/en\/?s={search_term_string}"},"query-input":{"@type":"PropertyValueSpecification","valueRequired":true,"valueName":"search_term_string"}}],"inLanguage":"en-US"},{"@type":["Person","Organization"],"@id":"https:\/\/galerieannaprobst.com\/en\/#\/schema\/person\/8aa7287c7fdb9d1358776fe686153968","name":"vero","image":{"@type":"ImageObject","inLanguage":"en-US","@id":"https:\/\/galerieannaprobst.com\/en\/#\/schema\/person\/image\/","url":"https:\/\/secure.gravatar.com\/avatar\/71f2d4e23cd91daa7eb0a0fd664d6a5912534cfadc5a3d559d832b20ce04f84b?s=96&d=mm&r=g","contentUrl":"https:\/\/secure.gravatar.com\/avatar\/71f2d4e23cd91daa7eb0a0fd664d6a5912534cfadc5a3d559d832b20ce04f84b?s=96&d=mm&r=g","caption":"vero"},"logo":{"@id":"https:\/\/galerieannaprobst.com\/en\/#\/schema\/person\/image\/"}}]}},"_links":{"self":[{"href":"https:\/\/galerieannaprobst.com\/en\/wp-json\/wp\/v2\/pages\/1352","targetHints":{"allow":["GET"]}}],"collection":[{"href":"https:\/\/galerieannaprobst.com\/en\/wp-json\/wp\/v2\/pages"}],"about":[{"href":"https:\/\/galerieannaprobst.com\/en\/wp-json\/wp\/v2\/types\/page"}],"author":[{"embeddable":true,"href":"https:\/\/galerieannaprobst.com\/en\/wp-json\/wp\/v2\/users\/1"}],"replies":[{"embeddable":true,"href":"https:\/\/galerieannaprobst.com\/en\/wp-json\/wp\/v2\/comments?post=1352"}],"version-history":[{"count":5,"href":"https:\/\/galerieannaprobst.com\/en\/wp-json\/wp\/v2\/pages\/1352\/revisions"}],"predecessor-version":[{"id":1360,"href":"https:\/\/galerieannaprobst.com\/en\/wp-json\/wp\/v2\/pages\/1352\/revisions\/1360"}],"wp:attachment":[{"href":"https:\/\/galerieannaprobst.com\/en\/wp-json\/wp\/v2\/media?parent=1352"}],"curies":[{"name":"wp","href":"https:\/\/api.w.org\/{rel}","templated":true}]}}